{"id":3821,"date":"2022-06-16T16:27:06","date_gmt":"2022-06-16T16:27:06","guid":{"rendered":"https:\/\/anteja-ecg.com\/ressourcen\/"},"modified":"2022-06-28T20:31:01","modified_gmt":"2022-06-28T20:31:01","slug":"ressourcen","status":"publish","type":"page","link":"https:\/\/anteja-ecg.com\/de\/ressourcen\/","title":{"rendered":"Ressourcen"},"content":{"rendered":"\t\t<div data-elementor-type=\"wp-page\" data-elementor-id=\"3821\" class=\"elementor elementor-3821 elementor-3044\" data-elementor-post-type=\"page\">\n\t\t\t\t\t\t<section class=\"elementor-section elementor-top-section elementor-element elementor-element-1032806 elementor-section-stretched elementor-section-boxed elementor-section-height-default elementor-section-height-default\" data-id=\"1032806\" data-element_type=\"section\" data-settings=\"{&quot;stretch_section&quot;:&quot;section-stretched&quot;}\">\n\t\t\t\t\t\t<div class=\"elementor-container elementor-column-gap-default\">\n\t\t\t\t\t<div class=\"elementor-column elementor-col-100 elementor-top-column elementor-element elementor-element-a515138\" data-id=\"a515138\" data-element_type=\"column\">\n\t\t\t<div class=\"elementor-widget-wrap elementor-element-populated\">\n\t\t\t\t\t\t<div class=\"elementor-element elementor-element-de02f6d main-news cta-section elementor-widget elementor-widget-raven-posts\" data-id=\"de02f6d\" data-element_type=\"widget\" data-settings=\"{&quot;classic_show_sortable&quot;:&quot;yes&quot;,&quot;classic_show_pagination&quot;:&quot;yes&quot;,&quot;query_posts_per_page&quot;:16,&quot;_skin&quot;:&quot;classic&quot;,&quot;classic_layout&quot;:&quot;grid&quot;,&quot;classic_columns&quot;:&quot;3&quot;,&quot;classic_columns_tablet&quot;:&quot;2&quot;,&quot;classic_columns_mobile&quot;:&quot;1&quot;,&quot;classic_show_all_title&quot;:&quot;yes&quot;,&quot;classic_pagination_type&quot;:&quot;page_based&quot;,&quot;query_offset&quot;:0}\" data-widget_type=\"raven-posts.classic\">\n\t\t\t\t<div class=\"elementor-widget-container\">\n\t\t\t\t\t\t\t<div class=\"raven-sortable\">\n\t\t\t<div class=\"raven-sortable-items\">\n\t\t\t\t<a class=\"raven-sortable-item raven-sortable-active\" data-category=\"-1\" href=\"#\">All<\/a><a class=\"raven-sortable-item\" data-category=\"18\" href=\"#\">Blog<\/a><a class=\"raven-sortable-item\" data-category=\"37\" href=\"#\">Publications<\/a>\t\t\t<\/div>\n\t\t<\/div>\n\t\t\t\t<div class=\"raven-posts raven-grid raven-grid-3 raven-grid-mobile-1 raven-grid-tablet-2\" data-post-id=\"3821\" data-archive-query=\"\" data-lang=\"\">\n\t\t\t\t<div class=\"raven-grid-item raven-post-item post-5463 post type-post status-publish format-standard hentry category-blog\">\n\t\t\t<div class=\"raven-post\">\n\t\t\t\t\t\t\t\t<div class=\"raven-post-content\">\n\t\t\t\t\t<h3 class=\"raven-post-title\"><a class=\"raven-post-title-link\" href=\"https:\/\/anteja-ecg.com\/de\/biorevolucija-v-akciji-od-lesnih-in-zitnih-ostankov-do-bioplastike-regionalna-delavnica-za-soustvarjalce-vrednostne-verige\/\">BIO(R)EVOLUCIJA V AKCIJI: Od lesnih in \u017eitnih ostankov do bioplastike \u2013 Regionalna delavnica za soustvarjalce vrednostne verige<\/a><\/h3>\t\t<div class=\"raven-post-meta\"><a class=\"raven-post-meta-item raven-post-date\" href=\"https:\/\/anteja-ecg.com\/de\/2026\/04\/\" rel=\"bookmark\">09\/04\/2026<\/a>\n<span class=\"raven-post-meta-divider\">|<\/span>\n<span class=\"raven-post-meta-item raven-post-categories\"><a href=\"https:\/\/anteja-ecg.com\/de\/category\/blog\/\" rel=\"tag\">Blog<\/a><\/span><\/div>\n\t\t\t\t<div class=\"raven-post-read-more\">\n\t\t\t<a class=\"raven-post-button\" href=\"https:\/\/anteja-ecg.com\/de\/biorevolucija-v-akciji-od-lesnih-in-zitnih-ostankov-do-bioplastike-regionalna-delavnica-za-soustvarjalce-vrednostne-verige\/\"><span class=\"raven-post-button-text\">More<\/span><\/a>\n\t\t<\/div>\n\t\t\t\t\t\t<\/div>\n\t\t\t<\/div>\n\t\t<\/div>\n\t\t\t\t<div class=\"raven-grid-item raven-post-item post-5443 post type-post status-publish format-standard has-post-thumbnail hentry category-blog\">\n\t\t\t<div class=\"raven-post\">\n\t\t\t\t\t\t<div class=\"raven-post-image-wrap\">\n\t\t\t<a class=\"raven-post-image raven-image-fit\" href=\"https:\/\/anteja-ecg.com\/de\/projects-ticca4danu-transformative-innovation-for-climate-change-adaptation-in-the-danube-region\/\"><img fetchpriority=\"high\" decoding=\"async\" width=\"731\" height=\"549\" src=\"https:\/\/anteja-ecg.com\/wp-content\/uploads\/2025\/12\/artcile-2-photo-1.jpg\" class=\"attachment-large size-large wp-image-5444\" alt=\"\" srcset=\"https:\/\/anteja-ecg.com\/wp-content\/uploads\/2025\/12\/artcile-2-photo-1.jpg 731w, https:\/\/anteja-ecg.com\/wp-content\/uploads\/2025\/12\/artcile-2-photo-1-300x225.jpg 300w\" sizes=\"(max-width: 731px) 100vw, 731px\" \/> <span class=\"raven-post-image-overlay\"><\/span><\/a>\t\t<\/div>\n\t\t\t\t\t\t<div class=\"raven-post-content\">\n\t\t\t\t\t<h3 class=\"raven-post-title\"><a class=\"raven-post-title-link\" href=\"https:\/\/anteja-ecg.com\/de\/projects-ticca4danu-transformative-innovation-for-climate-change-adaptation-in-the-danube-region\/\">TiCCA4DANU &#8211; Transformative Innovation for Climate Change Adaptation in the Danube Region<\/a><\/h3>\t\t<div class=\"raven-post-meta\"><a class=\"raven-post-meta-item raven-post-date\" href=\"https:\/\/anteja-ecg.com\/de\/2025\/12\/\" rel=\"bookmark\">08\/12\/2025<\/a>\n<span class=\"raven-post-meta-divider\">|<\/span>\n<span class=\"raven-post-meta-item raven-post-categories\"><a href=\"https:\/\/anteja-ecg.com\/de\/category\/blog\/\" rel=\"tag\">Blog<\/a><\/span><\/div>\n\t\t\t\t<div class=\"raven-post-read-more\">\n\t\t\t<a class=\"raven-post-button\" href=\"https:\/\/anteja-ecg.com\/de\/projects-ticca4danu-transformative-innovation-for-climate-change-adaptation-in-the-danube-region\/\"><span class=\"raven-post-button-text\">More<\/span><\/a>\n\t\t<\/div>\n\t\t\t\t\t\t<\/div>\n\t\t\t<\/div>\n\t\t<\/div>\n\t\t\t\t<div class=\"raven-grid-item raven-post-item post-5404 post type-post status-publish format-standard has-post-thumbnail hentry category-blog\">\n\t\t\t<div class=\"raven-post\">\n\t\t\t\t\t\t<div class=\"raven-post-image-wrap\">\n\t\t\t<a class=\"raven-post-image raven-image-fit\" href=\"https:\/\/anteja-ecg.com\/de\/symbio-partners-unveil-the-dates-of-the-upcoming-workshops-during-its-project-info-day\/\"><img decoding=\"async\" width=\"914\" height=\"499\" src=\"https:\/\/anteja-ecg.com\/wp-content\/uploads\/2024\/11\/Screenshot-2024-11-19-at-15.51.59.jpg\" class=\"attachment-large size-large wp-image-5414\" alt=\"\" srcset=\"https:\/\/anteja-ecg.com\/wp-content\/uploads\/2024\/11\/Screenshot-2024-11-19-at-15.51.59.jpg 914w, https:\/\/anteja-ecg.com\/wp-content\/uploads\/2024\/11\/Screenshot-2024-11-19-at-15.51.59-300x164.jpg 300w, https:\/\/anteja-ecg.com\/wp-content\/uploads\/2024\/11\/Screenshot-2024-11-19-at-15.51.59-768x419.jpg 768w\" sizes=\"(max-width: 914px) 100vw, 914px\" \/> <span class=\"raven-post-image-overlay\"><\/span><\/a>\t\t<\/div>\n\t\t\t\t\t\t<div class=\"raven-post-content\">\n\t\t\t\t\t<h3 class=\"raven-post-title\"><a class=\"raven-post-title-link\" href=\"https:\/\/anteja-ecg.com\/de\/symbio-partners-unveil-the-dates-of-the-upcoming-workshops-during-its-project-info-day\/\">SYMBIO partners unveil the dates of the upcoming workshops during its project Info Day<\/a><\/h3>\t\t<div class=\"raven-post-meta\"><a class=\"raven-post-meta-item raven-post-date\" href=\"https:\/\/anteja-ecg.com\/de\/2024\/11\/\" rel=\"bookmark\">19\/11\/2024<\/a>\n<span class=\"raven-post-meta-divider\">|<\/span>\n<span class=\"raven-post-meta-item raven-post-categories\"><a href=\"https:\/\/anteja-ecg.com\/de\/category\/blog\/\" rel=\"tag\">Blog<\/a><\/span><\/div>\n\t\t\t\t<div class=\"raven-post-read-more\">\n\t\t\t<a class=\"raven-post-button\" href=\"https:\/\/anteja-ecg.com\/de\/symbio-partners-unveil-the-dates-of-the-upcoming-workshops-during-its-project-info-day\/\"><span class=\"raven-post-button-text\">More<\/span><\/a>\n\t\t<\/div>\n\t\t\t\t\t\t<\/div>\n\t\t\t<\/div>\n\t\t<\/div>\n\t\t\t\t<div class=\"raven-grid-item raven-post-item post-5381 post type-post status-publish format-standard has-post-thumbnail hentry category-blog\">\n\t\t\t<div class=\"raven-post\">\n\t\t\t\t\t\t<div class=\"raven-post-image-wrap\">\n\t\t\t<a class=\"raven-post-image raven-image-fit\" href=\"https:\/\/anteja-ecg.com\/de\/krozno-biogospodarstvo\/\"><img decoding=\"async\" width=\"1024\" height=\"1024\" src=\"https:\/\/anteja-ecg.com\/wp-content\/uploads\/2024\/09\/B4B-Banner-panel-1-1024x1024.jpg\" class=\"attachment-large size-large wp-image-5382\" alt=\"\" srcset=\"https:\/\/anteja-ecg.com\/wp-content\/uploads\/2024\/09\/B4B-Banner-panel-1-1024x1024.jpg 1024w, https:\/\/anteja-ecg.com\/wp-content\/uploads\/2024\/09\/B4B-Banner-panel-1-300x300.jpg 300w, https:\/\/anteja-ecg.com\/wp-content\/uploads\/2024\/09\/B4B-Banner-panel-1-150x150.jpg 150w, https:\/\/anteja-ecg.com\/wp-content\/uploads\/2024\/09\/B4B-Banner-panel-1-768x768.jpg 768w, https:\/\/anteja-ecg.com\/wp-content\/uploads\/2024\/09\/B4B-Banner-panel-1-500x500.jpg 500w, https:\/\/anteja-ecg.com\/wp-content\/uploads\/2024\/09\/B4B-Banner-panel-1.jpg 1200w\" sizes=\"(max-width: 1024px) 100vw, 1024px\" \/> <span class=\"raven-post-image-overlay\"><\/span><\/a>\t\t<\/div>\n\t\t\t\t\t\t<div class=\"raven-post-content\">\n\t\t\t\t\t<h3 class=\"raven-post-title\"><a class=\"raven-post-title-link\" href=\"https:\/\/anteja-ecg.com\/de\/krozno-biogospodarstvo\/\">Kro\u017eno biogospodarstvo: Razcvet ali zaton kro\u017enih investicij?<\/a><\/h3>\t\t<div class=\"raven-post-meta\"><a class=\"raven-post-meta-item raven-post-date\" href=\"https:\/\/anteja-ecg.com\/de\/2024\/09\/\" rel=\"bookmark\">20\/09\/2024<\/a>\n<span class=\"raven-post-meta-divider\">|<\/span>\n<span class=\"raven-post-meta-item raven-post-categories\"><a href=\"https:\/\/anteja-ecg.com\/de\/category\/blog\/\" rel=\"tag\">Blog<\/a><\/span><\/div>\n\t\t\t\t<div class=\"raven-post-read-more\">\n\t\t\t<a class=\"raven-post-button\" href=\"https:\/\/anteja-ecg.com\/de\/krozno-biogospodarstvo\/\"><span class=\"raven-post-button-text\">More<\/span><\/a>\n\t\t<\/div>\n\t\t\t\t\t\t<\/div>\n\t\t\t<\/div>\n\t\t<\/div>\n\t\t\t\t<div class=\"raven-grid-item raven-post-item post-5337 post type-post status-publish format-standard has-post-thumbnail hentry category-blog tag-bioeconomy tag-circular-economy\">\n\t\t\t<div class=\"raven-post\">\n\t\t\t\t\t\t<div class=\"raven-post-image-wrap\">\n\t\t\t<a class=\"raven-post-image raven-image-fit\" href=\"https:\/\/anteja-ecg.com\/de\/impact-of-the-eu-funding-on-bioeconomy-and-circular-economy\/\"><img loading=\"lazy\" decoding=\"async\" width=\"1024\" height=\"575\" src=\"https:\/\/anteja-ecg.com\/wp-content\/uploads\/2024\/08\/Europe-Horizons-1024x575.jpg\" class=\"attachment-large size-large wp-image-5351\" alt=\"\" srcset=\"https:\/\/anteja-ecg.com\/wp-content\/uploads\/2024\/08\/Europe-Horizons-1024x575.jpg 1024w, https:\/\/anteja-ecg.com\/wp-content\/uploads\/2024\/08\/Europe-Horizons-300x169.jpg 300w, https:\/\/anteja-ecg.com\/wp-content\/uploads\/2024\/08\/Europe-Horizons-768x432.jpg 768w, https:\/\/anteja-ecg.com\/wp-content\/uploads\/2024\/08\/Europe-Horizons-1536x863.jpg 1536w, https:\/\/anteja-ecg.com\/wp-content\/uploads\/2024\/08\/Europe-Horizons.jpg 1920w\" sizes=\"(max-width: 1024px) 100vw, 1024px\" \/> <span class=\"raven-post-image-overlay\"><\/span><\/a>\t\t<\/div>\n\t\t\t\t\t\t<div class=\"raven-post-content\">\n\t\t\t\t\t<h3 class=\"raven-post-title\"><a class=\"raven-post-title-link\" href=\"https:\/\/anteja-ecg.com\/de\/impact-of-the-eu-funding-on-bioeconomy-and-circular-economy\/\">Accelerating Europe&#8217;s Green Transition: The Impact of the EU Funding on Bioeconomy and Circular Economy\u00a0\u00a0<\/a><\/h3>\t\t<div class=\"raven-post-meta\"><a class=\"raven-post-meta-item raven-post-date\" href=\"https:\/\/anteja-ecg.com\/de\/2024\/08\/\" rel=\"bookmark\">20\/08\/2024<\/a>\n<span class=\"raven-post-meta-divider\">|<\/span>\n<span class=\"raven-post-meta-item raven-post-categories\"><a href=\"https:\/\/anteja-ecg.com\/de\/category\/blog\/\" rel=\"tag\">Blog<\/a><\/span><\/div>\n\t\t\t\t<div class=\"raven-post-read-more\">\n\t\t\t<a class=\"raven-post-button\" href=\"https:\/\/anteja-ecg.com\/de\/impact-of-the-eu-funding-on-bioeconomy-and-circular-economy\/\"><span class=\"raven-post-button-text\">More<\/span><\/a>\n\t\t<\/div>\n\t\t\t\t\t\t<\/div>\n\t\t\t<\/div>\n\t\t<\/div>\n\t\t\t\t<div class=\"raven-grid-item raven-post-item post-5320 post type-post status-publish format-standard has-post-thumbnail hentry category-blog\">\n\t\t\t<div class=\"raven-post\">\n\t\t\t\t\t\t<div class=\"raven-post-image-wrap\">\n\t\t\t<a class=\"raven-post-image raven-image-fit\" href=\"https:\/\/anteja-ecg.com\/de\/drugi-dogodek-nacionalnega-sticisca-za-biogospodarstvo\/\"><img loading=\"lazy\" decoding=\"async\" width=\"1024\" height=\"576\" src=\"https:\/\/anteja-ecg.com\/wp-content\/uploads\/2024\/05\/Dark-Blue-Modern-Youth-Conference-Facebook-Event-Cover-1024x576.jpg\" class=\"attachment-large size-large wp-image-5322\" alt=\"\" srcset=\"https:\/\/anteja-ecg.com\/wp-content\/uploads\/2024\/05\/Dark-Blue-Modern-Youth-Conference-Facebook-Event-Cover-1024x576.jpg 1024w, https:\/\/anteja-ecg.com\/wp-content\/uploads\/2024\/05\/Dark-Blue-Modern-Youth-Conference-Facebook-Event-Cover-300x169.jpg 300w, https:\/\/anteja-ecg.com\/wp-content\/uploads\/2024\/05\/Dark-Blue-Modern-Youth-Conference-Facebook-Event-Cover-768x432.jpg 768w, https:\/\/anteja-ecg.com\/wp-content\/uploads\/2024\/05\/Dark-Blue-Modern-Youth-Conference-Facebook-Event-Cover-1536x864.jpg 1536w, https:\/\/anteja-ecg.com\/wp-content\/uploads\/2024\/05\/Dark-Blue-Modern-Youth-Conference-Facebook-Event-Cover.jpg 1920w\" sizes=\"(max-width: 1024px) 100vw, 1024px\" \/> <span class=\"raven-post-image-overlay\"><\/span><\/a>\t\t<\/div>\n\t\t\t\t\t\t<div class=\"raven-post-content\">\n\t\t\t\t\t<h3 class=\"raven-post-title\"><a class=\"raven-post-title-link\" href=\"https:\/\/anteja-ecg.com\/de\/drugi-dogodek-nacionalnega-sticisca-za-biogospodarstvo\/\">Drugi dogodek Nacionalnega sti\u010di\u0161\u010da za biogospodarstvo<\/a><\/h3>\t\t<div class=\"raven-post-meta\"><a class=\"raven-post-meta-item raven-post-date\" href=\"https:\/\/anteja-ecg.com\/de\/2024\/05\/\" rel=\"bookmark\">16\/05\/2024<\/a>\n<span class=\"raven-post-meta-divider\">|<\/span>\n<span class=\"raven-post-meta-item raven-post-categories\"><a href=\"https:\/\/anteja-ecg.com\/de\/category\/blog\/\" rel=\"tag\">Blog<\/a><\/span><\/div>\n\t\t\t\t<div class=\"raven-post-read-more\">\n\t\t\t<a class=\"raven-post-button\" href=\"https:\/\/anteja-ecg.com\/de\/drugi-dogodek-nacionalnega-sticisca-za-biogospodarstvo\/\"><span class=\"raven-post-button-text\">More<\/span><\/a>\n\t\t<\/div>\n\t\t\t\t\t\t<\/div>\n\t\t\t<\/div>\n\t\t<\/div>\n\t\t\t\t<div class=\"raven-grid-item raven-post-item post-5211 post type-post status-publish format-standard has-post-thumbnail hentry category-blog\">\n\t\t\t<div class=\"raven-post\">\n\t\t\t\t\t\t<div class=\"raven-post-image-wrap\">\n\t\t\t<a class=\"raven-post-image raven-image-fit\" href=\"https:\/\/anteja-ecg.com\/de\/biochar-as-a-carbon-sink-and-technology-for-circular-bioeconomy\/\"><img loading=\"lazy\" decoding=\"async\" width=\"1024\" height=\"683\" src=\"https:\/\/anteja-ecg.com\/wp-content\/uploads\/2023\/07\/AdobeStock_318878305-1024x683.jpeg\" class=\"attachment-large size-large wp-image-5212\" alt=\"\" srcset=\"https:\/\/anteja-ecg.com\/wp-content\/uploads\/2023\/07\/AdobeStock_318878305-1024x683.jpeg 1024w, https:\/\/anteja-ecg.com\/wp-content\/uploads\/2023\/07\/AdobeStock_318878305-300x200.jpeg 300w, https:\/\/anteja-ecg.com\/wp-content\/uploads\/2023\/07\/AdobeStock_318878305-768x512.jpeg 768w, https:\/\/anteja-ecg.com\/wp-content\/uploads\/2023\/07\/AdobeStock_318878305-1536x1024.jpeg 1536w, https:\/\/anteja-ecg.com\/wp-content\/uploads\/2023\/07\/AdobeStock_318878305.jpeg 1920w\" sizes=\"(max-width: 1024px) 100vw, 1024px\" \/> <span class=\"raven-post-image-overlay\"><\/span><\/a>\t\t<\/div>\n\t\t\t\t\t\t<div class=\"raven-post-content\">\n\t\t\t\t\t<h3 class=\"raven-post-title\"><a class=\"raven-post-title-link\" href=\"https:\/\/anteja-ecg.com\/de\/biochar-as-a-carbon-sink-and-technology-for-circular-bioeconomy\/\">Biochar as a carbon sink and technology for circular bioeconomy<\/a><\/h3>\t\t<div class=\"raven-post-meta\"><a class=\"raven-post-meta-item raven-post-date\" href=\"https:\/\/anteja-ecg.com\/de\/2023\/07\/\" rel=\"bookmark\">10\/07\/2023<\/a>\n<span class=\"raven-post-meta-divider\">|<\/span>\n<span class=\"raven-post-meta-item raven-post-categories\"><a href=\"https:\/\/anteja-ecg.com\/de\/category\/blog\/\" rel=\"tag\">Blog<\/a><\/span><\/div>\n\t\t\t\t<div class=\"raven-post-read-more\">\n\t\t\t<a class=\"raven-post-button\" href=\"https:\/\/anteja-ecg.com\/de\/biochar-as-a-carbon-sink-and-technology-for-circular-bioeconomy\/\"><span class=\"raven-post-button-text\">More<\/span><\/a>\n\t\t<\/div>\n\t\t\t\t\t\t<\/div>\n\t\t\t<\/div>\n\t\t<\/div>\n\t\t\t\t<div class=\"raven-grid-item raven-post-item post-5206 post type-post status-publish format-standard has-post-thumbnail hentry category-blog\">\n\t\t\t<div class=\"raven-post\">\n\t\t\t\t\t\t<div class=\"raven-post-image-wrap\">\n\t\t\t<a class=\"raven-post-image raven-image-fit\" href=\"https:\/\/anteja-ecg.com\/de\/transforming-organic-waste-into-proteins-with-insect-larvae\/\"><img loading=\"lazy\" decoding=\"async\" width=\"1024\" height=\"683\" src=\"https:\/\/anteja-ecg.com\/wp-content\/uploads\/2023\/06\/Black-soldier-fly-1024x683.jpeg\" class=\"attachment-large size-large wp-image-5207\" alt=\"\" srcset=\"https:\/\/anteja-ecg.com\/wp-content\/uploads\/2023\/06\/Black-soldier-fly-1024x683.jpeg 1024w, https:\/\/anteja-ecg.com\/wp-content\/uploads\/2023\/06\/Black-soldier-fly-300x200.jpeg 300w, https:\/\/anteja-ecg.com\/wp-content\/uploads\/2023\/06\/Black-soldier-fly-768x512.jpeg 768w, https:\/\/anteja-ecg.com\/wp-content\/uploads\/2023\/06\/Black-soldier-fly-1536x1024.jpeg 1536w, https:\/\/anteja-ecg.com\/wp-content\/uploads\/2023\/06\/Black-soldier-fly.jpeg 1920w\" sizes=\"(max-width: 1024px) 100vw, 1024px\" \/> <span class=\"raven-post-image-overlay\"><\/span><\/a>\t\t<\/div>\n\t\t\t\t\t\t<div class=\"raven-post-content\">\n\t\t\t\t\t<h3 class=\"raven-post-title\"><a class=\"raven-post-title-link\" href=\"https:\/\/anteja-ecg.com\/de\/transforming-organic-waste-into-proteins-with-insect-larvae\/\">Transforming Organic Waste into Proteins &#8211; with Insect Larvae<\/a><\/h3>\t\t<div class=\"raven-post-meta\"><a class=\"raven-post-meta-item raven-post-date\" href=\"https:\/\/anteja-ecg.com\/de\/2023\/06\/\" rel=\"bookmark\">09\/06\/2023<\/a>\n<span class=\"raven-post-meta-divider\">|<\/span>\n<span class=\"raven-post-meta-item raven-post-categories\"><a href=\"https:\/\/anteja-ecg.com\/de\/category\/blog\/\" rel=\"tag\">Blog<\/a><\/span><\/div>\n\t\t\t\t<div class=\"raven-post-read-more\">\n\t\t\t<a class=\"raven-post-button\" href=\"https:\/\/anteja-ecg.com\/de\/transforming-organic-waste-into-proteins-with-insect-larvae\/\"><span class=\"raven-post-button-text\">More<\/span><\/a>\n\t\t<\/div>\n\t\t\t\t\t\t<\/div>\n\t\t\t<\/div>\n\t\t<\/div>\n\t\t\t\t<div class=\"raven-grid-item raven-post-item post-5185 post type-post status-publish format-standard has-post-thumbnail hentry category-blog tag-bioeconomy tag-circular-bioeconomy tag-food-waste tag-green-taxonomy\">\n\t\t\t<div class=\"raven-post\">\n\t\t\t\t\t\t<div class=\"raven-post-image-wrap\">\n\t\t\t<a class=\"raven-post-image raven-image-fit\" href=\"https:\/\/anteja-ecg.com\/de\/food-waste-is-important-source-of-bioactive-substances\/\"><img loading=\"lazy\" decoding=\"async\" width=\"1024\" height=\"639\" src=\"https:\/\/anteja-ecg.com\/wp-content\/uploads\/2022\/05\/AdobeStock_476312555-scaled-1-1024x639.jpeg\" class=\"attachment-large size-large wp-image-2615\" alt=\"\" srcset=\"https:\/\/anteja-ecg.com\/wp-content\/uploads\/2022\/05\/AdobeStock_476312555-scaled-1-1024x639.jpeg 1024w, https:\/\/anteja-ecg.com\/wp-content\/uploads\/2022\/05\/AdobeStock_476312555-scaled-1-300x187.jpeg 300w, https:\/\/anteja-ecg.com\/wp-content\/uploads\/2022\/05\/AdobeStock_476312555-scaled-1-768x479.jpeg 768w, https:\/\/anteja-ecg.com\/wp-content\/uploads\/2022\/05\/AdobeStock_476312555-scaled-1-1536x959.jpeg 1536w, https:\/\/anteja-ecg.com\/wp-content\/uploads\/2022\/05\/AdobeStock_476312555-scaled-1-2048x1278.jpeg 2048w, https:\/\/anteja-ecg.com\/wp-content\/uploads\/2022\/05\/AdobeStock_476312555-scaled-1.jpeg 1920w\" sizes=\"(max-width: 1024px) 100vw, 1024px\" \/> <span class=\"raven-post-image-overlay\"><\/span><\/a>\t\t<\/div>\n\t\t\t\t\t\t<div class=\"raven-post-content\">\n\t\t\t\t\t<h3 class=\"raven-post-title\"><a class=\"raven-post-title-link\" href=\"https:\/\/anteja-ecg.com\/de\/food-waste-is-important-source-of-bioactive-substances\/\">Food waste can be important source of bioactive compounds<\/a><\/h3>\t\t<div class=\"raven-post-meta\"><a class=\"raven-post-meta-item raven-post-date\" href=\"https:\/\/anteja-ecg.com\/de\/2023\/05\/\" rel=\"bookmark\">03\/05\/2023<\/a>\n<span class=\"raven-post-meta-divider\">|<\/span>\n<span class=\"raven-post-meta-item raven-post-categories\"><a href=\"https:\/\/anteja-ecg.com\/de\/category\/blog\/\" rel=\"tag\">Blog<\/a><\/span><\/div>\n\t\t\t\t<div class=\"raven-post-read-more\">\n\t\t\t<a class=\"raven-post-button\" href=\"https:\/\/anteja-ecg.com\/de\/food-waste-is-important-source-of-bioactive-substances\/\"><span class=\"raven-post-button-text\">More<\/span><\/a>\n\t\t<\/div>\n\t\t\t\t\t\t<\/div>\n\t\t\t<\/div>\n\t\t<\/div>\n\t\t\t\t<div class=\"raven-grid-item raven-post-item post-5177 post type-post status-publish format-standard has-post-thumbnail hentry category-blog\">\n\t\t\t<div class=\"raven-post\">\n\t\t\t\t\t\t<div class=\"raven-post-image-wrap\">\n\t\t\t<a class=\"raven-post-image raven-image-fit\" href=\"https:\/\/anteja-ecg.com\/de\/algae-potential-in-the-circular-bioeconomy\/\"><img loading=\"lazy\" decoding=\"async\" width=\"1024\" height=\"768\" src=\"https:\/\/anteja-ecg.com\/wp-content\/uploads\/2022\/05\/AdobeStock_158874285-scaled-1-1024x768.jpeg\" class=\"attachment-large size-large wp-image-2588\" alt=\"\" \/> <span class=\"raven-post-image-overlay\"><\/span><\/a>\t\t<\/div>\n\t\t\t\t\t\t<div class=\"raven-post-content\">\n\t\t\t\t\t<h3 class=\"raven-post-title\"><a class=\"raven-post-title-link\" href=\"https:\/\/anteja-ecg.com\/de\/algae-potential-in-the-circular-bioeconomy\/\">Algae\u00a0Potential in\u00a0the Circular Bioeconomy<\/a><\/h3>\t\t<div class=\"raven-post-meta\"><a class=\"raven-post-meta-item raven-post-date\" href=\"https:\/\/anteja-ecg.com\/de\/2023\/04\/\" rel=\"bookmark\">19\/04\/2023<\/a>\n<span class=\"raven-post-meta-divider\">|<\/span>\n<span class=\"raven-post-meta-item raven-post-categories\"><a href=\"https:\/\/anteja-ecg.com\/de\/category\/blog\/\" rel=\"tag\">Blog<\/a><\/span><\/div>\n\t\t\t\t<div class=\"raven-post-read-more\">\n\t\t\t<a class=\"raven-post-button\" href=\"https:\/\/anteja-ecg.com\/de\/algae-potential-in-the-circular-bioeconomy\/\"><span class=\"raven-post-button-text\">More<\/span><\/a>\n\t\t<\/div>\n\t\t\t\t\t\t<\/div>\n\t\t\t<\/div>\n\t\t<\/div>\n\t\t\t\t<div class=\"raven-grid-item raven-post-item post-5167 post type-post status-publish format-standard has-post-thumbnail hentry category-blog\">\n\t\t\t<div class=\"raven-post\">\n\t\t\t\t\t\t<div class=\"raven-post-image-wrap\">\n\t\t\t<a class=\"raven-post-image raven-image-fit\" href=\"https:\/\/anteja-ecg.com\/de\/carbon-credits-the-currency-for-trading-emissions-2\/\"><img loading=\"lazy\" decoding=\"async\" width=\"1024\" height=\"683\" src=\"https:\/\/anteja-ecg.com\/wp-content\/uploads\/2022\/05\/AdobeStock_290220723-scaled-1-1024x683.jpeg\" class=\"attachment-large size-large wp-image-2586\" alt=\"\" srcset=\"https:\/\/anteja-ecg.com\/wp-content\/uploads\/2022\/05\/AdobeStock_290220723-scaled-1-1024x683.jpeg 1024w, https:\/\/anteja-ecg.com\/wp-content\/uploads\/2022\/05\/AdobeStock_290220723-scaled-1-300x200.jpeg 300w, https:\/\/anteja-ecg.com\/wp-content\/uploads\/2022\/05\/AdobeStock_290220723-scaled-1-768x512.jpeg 768w, https:\/\/anteja-ecg.com\/wp-content\/uploads\/2022\/05\/AdobeStock_290220723-scaled-1-1536x1024.jpeg 1536w, https:\/\/anteja-ecg.com\/wp-content\/uploads\/2022\/05\/AdobeStock_290220723-scaled-1-2048x1366.jpeg 2048w, https:\/\/anteja-ecg.com\/wp-content\/uploads\/2022\/05\/AdobeStock_290220723-scaled-1.jpeg 1920w\" sizes=\"(max-width: 1024px) 100vw, 1024px\" \/> <span class=\"raven-post-image-overlay\"><\/span><\/a>\t\t<\/div>\n\t\t\t\t\t\t<div class=\"raven-post-content\">\n\t\t\t\t\t<h3 class=\"raven-post-title\"><a class=\"raven-post-title-link\" href=\"https:\/\/anteja-ecg.com\/de\/carbon-credits-the-currency-for-trading-emissions-2\/\">Carbon Credits \u2013 the currency for trading emissions<\/a><\/h3>\t\t<div class=\"raven-post-meta\"><a class=\"raven-post-meta-item raven-post-date\" href=\"https:\/\/anteja-ecg.com\/de\/2023\/04\/\" rel=\"bookmark\">06\/04\/2023<\/a>\n<span class=\"raven-post-meta-divider\">|<\/span>\n<span class=\"raven-post-meta-item raven-post-categories\"><a href=\"https:\/\/anteja-ecg.com\/de\/category\/blog\/\" rel=\"tag\">Blog<\/a><\/span><\/div>\n\t\t\t\t<div class=\"raven-post-read-more\">\n\t\t\t<a class=\"raven-post-button\" href=\"https:\/\/anteja-ecg.com\/de\/carbon-credits-the-currency-for-trading-emissions-2\/\"><span class=\"raven-post-button-text\">More<\/span><\/a>\n\t\t<\/div>\n\t\t\t\t\t\t<\/div>\n\t\t\t<\/div>\n\t\t<\/div>\n\t\t\t\t<div class=\"raven-grid-item raven-post-item post-5085 post type-post status-publish format-standard has-post-thumbnail hentry category-blog tag-bioeconomy tag-circular-economy tag-green-taxonomy\">\n\t\t\t<div class=\"raven-post\">\n\t\t\t\t\t\t<div class=\"raven-post-image-wrap\">\n\t\t\t<a class=\"raven-post-image raven-image-fit\" href=\"https:\/\/anteja-ecg.com\/de\/whats-happening-with-green-taxonomy\/\"><img loading=\"lazy\" decoding=\"async\" width=\"1024\" height=\"678\" src=\"https:\/\/anteja-ecg.com\/wp-content\/uploads\/2022\/10\/Unsplash-1024x678.jpeg\" class=\"attachment-large size-large wp-image-4891\" alt=\"\" srcset=\"https:\/\/anteja-ecg.com\/wp-content\/uploads\/2022\/10\/Unsplash-1024x678.jpeg 1024w, https:\/\/anteja-ecg.com\/wp-content\/uploads\/2022\/10\/Unsplash-300x199.jpeg 300w, https:\/\/anteja-ecg.com\/wp-content\/uploads\/2022\/10\/Unsplash-768x509.jpeg 768w, https:\/\/anteja-ecg.com\/wp-content\/uploads\/2022\/10\/Unsplash.jpeg 1400w\" sizes=\"(max-width: 1024px) 100vw, 1024px\" \/> <span class=\"raven-post-image-overlay\"><\/span><\/a>\t\t<\/div>\n\t\t\t\t\t\t<div class=\"raven-post-content\">\n\t\t\t\t\t<h3 class=\"raven-post-title\"><a class=\"raven-post-title-link\" href=\"https:\/\/anteja-ecg.com\/de\/whats-happening-with-green-taxonomy\/\">What&#8217;s happening with green taxonomy?\u00a0<\/a><\/h3>\t\t<div class=\"raven-post-meta\"><a class=\"raven-post-meta-item raven-post-date\" href=\"https:\/\/anteja-ecg.com\/de\/2023\/02\/\" rel=\"bookmark\">03\/02\/2023<\/a>\n<span class=\"raven-post-meta-divider\">|<\/span>\n<span class=\"raven-post-meta-item raven-post-categories\"><a href=\"https:\/\/anteja-ecg.com\/de\/category\/blog\/\" rel=\"tag\">Blog<\/a><\/span><\/div>\n\t\t\t\t<div class=\"raven-post-read-more\">\n\t\t\t<a class=\"raven-post-button\" href=\"https:\/\/anteja-ecg.com\/de\/whats-happening-with-green-taxonomy\/\"><span class=\"raven-post-button-text\">More<\/span><\/a>\n\t\t<\/div>\n\t\t\t\t\t\t<\/div>\n\t\t\t<\/div>\n\t\t<\/div>\n\t\t\t\t<div class=\"raven-grid-item raven-post-item post-5051 post type-post status-publish format-standard has-post-thumbnail hentry category-publications\">\n\t\t\t<div class=\"raven-post\">\n\t\t\t\t\t\t<div class=\"raven-post-image-wrap\">\n\t\t\t<a class=\"raven-post-image raven-image-fit\" href=\"https:\/\/anteja-ecg.com\/de\/short-study-on-the-current-economic-situation-of-the-danube-region-with-focus-on-circular-bioeconomy-november-2022\/\"><img loading=\"lazy\" decoding=\"async\" width=\"724\" height=\"1024\" src=\"https:\/\/anteja-ecg.com\/wp-content\/uploads\/2022\/12\/Screenshot-2022-12-19-at-15.10.57-724x1024.jpg\" class=\"attachment-large size-large wp-image-5049\" alt=\"\" srcset=\"https:\/\/anteja-ecg.com\/wp-content\/uploads\/2022\/12\/Screenshot-2022-12-19-at-15.10.57-724x1024.jpg 724w, https:\/\/anteja-ecg.com\/wp-content\/uploads\/2022\/12\/Screenshot-2022-12-19-at-15.10.57-212x300.jpg 212w, https:\/\/anteja-ecg.com\/wp-content\/uploads\/2022\/12\/Screenshot-2022-12-19-at-15.10.57-768x1086.jpg 768w, https:\/\/anteja-ecg.com\/wp-content\/uploads\/2022\/12\/Screenshot-2022-12-19-at-15.10.57-1086x1536.jpg 1086w, https:\/\/anteja-ecg.com\/wp-content\/uploads\/2022\/12\/Screenshot-2022-12-19-at-15.10.57.jpg 1358w\" sizes=\"(max-width: 724px) 100vw, 724px\" \/> <span class=\"raven-post-image-overlay\"><\/span><\/a>\t\t<\/div>\n\t\t\t\t\t\t<div class=\"raven-post-content\">\n\t\t\t\t\t<h3 class=\"raven-post-title\"><a class=\"raven-post-title-link\" href=\"https:\/\/anteja-ecg.com\/de\/short-study-on-the-current-economic-situation-of-the-danube-region-with-focus-on-circular-bioeconomy-november-2022\/\">Short Study on the current economic situation of the Danube Region with focus on circular bioeconomy, November 2022<\/a><\/h3>\t\t<div class=\"raven-post-meta\"><a class=\"raven-post-meta-item raven-post-date\" href=\"https:\/\/anteja-ecg.com\/de\/2022\/12\/\" rel=\"bookmark\">19\/12\/2022<\/a>\n<span class=\"raven-post-meta-divider\">|<\/span>\n<span class=\"raven-post-meta-item raven-post-categories\"><a href=\"https:\/\/anteja-ecg.com\/de\/category\/publications\/\" rel=\"tag\">Publications<\/a><\/span><\/div>\n\t\t\t\t<div class=\"raven-post-read-more\">\n\t\t\t<a class=\"raven-post-button\" href=\"https:\/\/anteja-ecg.com\/de\/short-study-on-the-current-economic-situation-of-the-danube-region-with-focus-on-circular-bioeconomy-november-2022\/\"><span class=\"raven-post-button-text\">More<\/span><\/a>\n\t\t<\/div>\n\t\t\t\t\t\t<\/div>\n\t\t\t<\/div>\n\t\t<\/div>\n\t\t\t\t<div class=\"raven-grid-item raven-post-item post-5011 post type-post status-publish format-standard has-post-thumbnail hentry category-blog\">\n\t\t\t<div class=\"raven-post\">\n\t\t\t\t\t\t<div class=\"raven-post-image-wrap\">\n\t\t\t<a class=\"raven-post-image raven-image-fit\" href=\"https:\/\/anteja-ecg.com\/de\/new-corporate-sustainability-reporting-directive-csrd\/\"><img loading=\"lazy\" decoding=\"async\" width=\"1024\" height=\"683\" src=\"https:\/\/anteja-ecg.com\/wp-content\/uploads\/2022\/12\/AdobeStock_61975988-1024x683.jpeg\" class=\"attachment-large size-large wp-image-5012\" alt=\"\" srcset=\"https:\/\/anteja-ecg.com\/wp-content\/uploads\/2022\/12\/AdobeStock_61975988-1024x683.jpeg 1024w, https:\/\/anteja-ecg.com\/wp-content\/uploads\/2022\/12\/AdobeStock_61975988-300x200.jpeg 300w, https:\/\/anteja-ecg.com\/wp-content\/uploads\/2022\/12\/AdobeStock_61975988-768x512.jpeg 768w, https:\/\/anteja-ecg.com\/wp-content\/uploads\/2022\/12\/AdobeStock_61975988-1536x1024.jpeg 1536w, https:\/\/anteja-ecg.com\/wp-content\/uploads\/2022\/12\/AdobeStock_61975988.jpeg 1920w\" sizes=\"(max-width: 1024px) 100vw, 1024px\" \/> <span class=\"raven-post-image-overlay\"><\/span><\/a>\t\t<\/div>\n\t\t\t\t\t\t<div class=\"raven-post-content\">\n\t\t\t\t\t<h3 class=\"raven-post-title\"><a class=\"raven-post-title-link\" href=\"https:\/\/anteja-ecg.com\/de\/new-corporate-sustainability-reporting-directive-csrd\/\">New Corporate Sustainability Reporting Directive (CSRD) is a turning point for global sustainability<\/a><\/h3>\t\t<div class=\"raven-post-meta\"><a class=\"raven-post-meta-item raven-post-date\" href=\"https:\/\/anteja-ecg.com\/de\/2022\/12\/\" rel=\"bookmark\">01\/12\/2022<\/a>\n<span class=\"raven-post-meta-divider\">|<\/span>\n<span class=\"raven-post-meta-item raven-post-categories\"><a href=\"https:\/\/anteja-ecg.com\/de\/category\/blog\/\" rel=\"tag\">Blog<\/a><\/span><\/div>\n\t\t\t\t<div class=\"raven-post-read-more\">\n\t\t\t<a class=\"raven-post-button\" href=\"https:\/\/anteja-ecg.com\/de\/new-corporate-sustainability-reporting-directive-csrd\/\"><span class=\"raven-post-button-text\">More<\/span><\/a>\n\t\t<\/div>\n\t\t\t\t\t\t<\/div>\n\t\t\t<\/div>\n\t\t<\/div>\n\t\t\t\t<div class=\"raven-grid-item raven-post-item post-4998 post type-post status-publish format-standard has-post-thumbnail hentry category-blog\">\n\t\t\t<div class=\"raven-post\">\n\t\t\t\t\t\t<div class=\"raven-post-image-wrap\">\n\t\t\t<a class=\"raven-post-image raven-image-fit\" href=\"https:\/\/anteja-ecg.com\/de\/press-release-anteja-wins-nlbs-frameofhelp-for-its-sustainable-solution-value-chain-generator-vcg-ai\/\"><img loading=\"lazy\" decoding=\"async\" width=\"1024\" height=\"1024\" src=\"https:\/\/anteja-ecg.com\/wp-content\/uploads\/2022\/11\/Winner-NLB-1024x1024.jpeg\" class=\"attachment-large size-large wp-image-4999\" alt=\"\" srcset=\"https:\/\/anteja-ecg.com\/wp-content\/uploads\/2022\/11\/Winner-NLB-1024x1024.jpeg 1024w, https:\/\/anteja-ecg.com\/wp-content\/uploads\/2022\/11\/Winner-NLB-300x300.jpeg 300w, https:\/\/anteja-ecg.com\/wp-content\/uploads\/2022\/11\/Winner-NLB-150x150.jpeg 150w, https:\/\/anteja-ecg.com\/wp-content\/uploads\/2022\/11\/Winner-NLB-768x768.jpeg 768w, https:\/\/anteja-ecg.com\/wp-content\/uploads\/2022\/11\/Winner-NLB.jpeg 1080w\" sizes=\"(max-width: 1024px) 100vw, 1024px\" \/> <span class=\"raven-post-image-overlay\"><\/span><\/a>\t\t<\/div>\n\t\t\t\t\t\t<div class=\"raven-post-content\">\n\t\t\t\t\t<h3 class=\"raven-post-title\"><a class=\"raven-post-title-link\" href=\"https:\/\/anteja-ecg.com\/de\/press-release-anteja-wins-nlbs-frameofhelp-for-its-sustainable-solution-value-chain-generator-vcg-ai\/\">Press Release: Anteja Wins NLB\u2019s #FrameOfHelp for its sustainable solution Value Chain Generator (VCG.AI)<\/a><\/h3>\t\t<div class=\"raven-post-meta\"><a class=\"raven-post-meta-item raven-post-date\" href=\"https:\/\/anteja-ecg.com\/de\/2022\/11\/\" rel=\"bookmark\">30\/11\/2022<\/a>\n<span class=\"raven-post-meta-divider\">|<\/span>\n<span class=\"raven-post-meta-item raven-post-categories\"><a href=\"https:\/\/anteja-ecg.com\/de\/category\/blog\/\" rel=\"tag\">Blog<\/a><\/span><\/div>\n\t\t\t\t<div class=\"raven-post-read-more\">\n\t\t\t<a class=\"raven-post-button\" href=\"https:\/\/anteja-ecg.com\/de\/press-release-anteja-wins-nlbs-frameofhelp-for-its-sustainable-solution-value-chain-generator-vcg-ai\/\"><span class=\"raven-post-button-text\">More<\/span><\/a>\n\t\t<\/div>\n\t\t\t\t\t\t<\/div>\n\t\t\t<\/div>\n\t\t<\/div>\n\t\t\t\t<div class=\"raven-grid-item raven-post-item post-4895 post type-post status-publish format-standard has-post-thumbnail hentry category-blog\">\n\t\t\t<div class=\"raven-post\">\n\t\t\t\t\t\t<div class=\"raven-post-image-wrap\">\n\t\t\t<a class=\"raven-post-image raven-image-fit\" href=\"https:\/\/anteja-ecg.com\/de\/clusters-role-in-transition-to-circular-bioeconomy\/\"><img loading=\"lazy\" decoding=\"async\" width=\"1024\" height=\"591\" src=\"https:\/\/anteja-ecg.com\/wp-content\/uploads\/2022\/10\/AdobeStock_287119881-1024x591.jpeg\" class=\"attachment-large size-large wp-image-4896\" alt=\"\" srcset=\"https:\/\/anteja-ecg.com\/wp-content\/uploads\/2022\/10\/AdobeStock_287119881-1024x591.jpeg 1024w, https:\/\/anteja-ecg.com\/wp-content\/uploads\/2022\/10\/AdobeStock_287119881-300x173.jpeg 300w, https:\/\/anteja-ecg.com\/wp-content\/uploads\/2022\/10\/AdobeStock_287119881-768x444.jpeg 768w, https:\/\/anteja-ecg.com\/wp-content\/uploads\/2022\/10\/AdobeStock_287119881-1536x887.jpeg 1536w, https:\/\/anteja-ecg.com\/wp-content\/uploads\/2022\/10\/AdobeStock_287119881.jpeg 1920w\" sizes=\"(max-width: 1024px) 100vw, 1024px\" \/> <span class=\"raven-post-image-overlay\"><\/span><\/a>\t\t<\/div>\n\t\t\t\t\t\t<div class=\"raven-post-content\">\n\t\t\t\t\t<h3 class=\"raven-post-title\"><a class=\"raven-post-title-link\" href=\"https:\/\/anteja-ecg.com\/de\/clusters-role-in-transition-to-circular-bioeconomy\/\">Clusters&#8216; role in transition to circular bioeconomy<\/a><\/h3>\t\t<div class=\"raven-post-meta\"><a class=\"raven-post-meta-item raven-post-date\" href=\"https:\/\/anteja-ecg.com\/de\/2022\/10\/\" rel=\"bookmark\">11\/10\/2022<\/a>\n<span class=\"raven-post-meta-divider\">|<\/span>\n<span class=\"raven-post-meta-item raven-post-categories\"><a href=\"https:\/\/anteja-ecg.com\/de\/category\/blog\/\" rel=\"tag\">Blog<\/a><\/span><\/div>\n\t\t\t\t<div class=\"raven-post-read-more\">\n\t\t\t<a class=\"raven-post-button\" href=\"https:\/\/anteja-ecg.com\/de\/clusters-role-in-transition-to-circular-bioeconomy\/\"><span class=\"raven-post-button-text\">More<\/span><\/a>\n\t\t<\/div>\n\t\t\t\t\t\t<\/div>\n\t\t\t<\/div>\n\t\t<\/div>\n\t\t\t\t<\/div>\n\t\t\t\t<div class=\"raven-pagination\" data-settings=\"{&quot;posts_per_page&quot;:16,&quot;total_pages&quot;:3,&quot;pages_visible&quot;:7}\">\n\t\t\t<div class=\"raven-pagination-items\">\n\t\t\t\t<a class=\"raven-pagination-prev raven-pagination-item raven-pagination-disabled\" href=\"#\">&laquo; Prev<\/a><a class=\"raven-pagination-num raven-pagination-item raven-pagination-active\" href=\"#\" data-page-num=\"1\">1<\/a><a class=\"raven-pagination-num raven-pagination-item\" href=\"#\" data-page-num=\"2\">2<\/a><a class=\"raven-pagination-num raven-pagination-item\" href=\"#\" data-page-num=\"3\">3<\/a><a class=\"raven-pagination-next raven-pagination-item\" href=\"#\">Next &raquo;<\/a>\t\t\t<\/div>\n\t\t<\/div>\n\t\t\t\t\t\t<\/div>\n\t\t\t\t<\/div>\n\t\t\t\t\t<\/div>\n\t\t<\/div>\n\t\t\t\t\t<\/div>\n\t\t<\/section>\n\t\t\t\t<\/div>\n\t\t","protected":false},"excerpt":{"rendered":"<p>AllBlogPublications Value Chain Resilience during the COVID-19 Pandemic: Lessons Learned in the Food and Natural Cosmetics Sectors, October 2021 28\/06\/2022 | Publications More AlpLinkBioEco &#8211; Joint Masterplan on circular bioeconomy, March 2021 28\/06\/2022 | Publications More AlpLinkBioEco &#8211; Creating biobased value in the Alpine Space, March 2021 28\/06\/2022 | Publications More Forest residues as bioresources [&hellip;]<\/p>\n","protected":false},"author":1,"featured_media":0,"parent":0,"menu_order":0,"comment_status":"closed","ping_status":"closed","template":"","meta":{"_acf_changed":false,"iawp_total_views":14,"footnotes":""},"class_list":["post-3821","page","type-page","status-publish","hentry"],"acf":[],"yoast_head":"<!-- This site is optimized with the Yoast SEO plugin v25.2 - https:\/\/yoast.com\/wordpress\/plugins\/seo\/ -->\n<title>Ressourcen | Anteja<\/title>\n<meta name=\"robots\" content=\"index, follow, max-snippet:-1, max-image-preview:large, max-video-preview:-1\" \/>\n<link rel=\"canonical\" href=\"https:\/\/anteja-ecg.com\/de\/ressourcen\/\" \/>\n<meta property=\"og:locale\" content=\"de_DE\" \/>\n<meta property=\"og:type\" content=\"article\" \/>\n<meta property=\"og:title\" content=\"Ressourcen | Anteja\" \/>\n<meta property=\"og:description\" content=\"AllBlogPublications Value Chain Resilience during the COVID-19 Pandemic: Lessons Learned in the Food and Natural Cosmetics Sectors, October 2021 28\/06\/2022 | Publications More AlpLinkBioEco &#8211; Joint Masterplan on circular bioeconomy, March 2021 28\/06\/2022 | Publications More AlpLinkBioEco &#8211; Creating biobased value in the Alpine Space, March 2021 28\/06\/2022 | Publications More Forest residues as bioresources [&hellip;]\" \/>\n<meta property=\"og:url\" content=\"https:\/\/anteja-ecg.com\/de\/ressourcen\/\" \/>\n<meta property=\"og:site_name\" content=\"Anteja\" \/>\n<meta property=\"article:modified_time\" content=\"2022-06-28T20:31:01+00:00\" \/>\n<meta property=\"og:image\" content=\"https:\/\/anteja-ecg.com\/wp-content\/uploads\/2021\/11\/Screenshot-2021-11-04-at-16.00.00-1-1024x725.png\" \/>\n<meta name=\"twitter:card\" content=\"summary_large_image\" \/>\n<meta name=\"twitter:site\" content=\"@antejaecg\" \/>\n<meta name=\"twitter:label1\" content=\"Gesch\u00e4tzte Lesezeit\" \/>\n\t<meta name=\"twitter:data1\" content=\"1\u00a0Minute\" \/>\n<script type=\"application\/ld+json\" class=\"yoast-schema-graph\">{\"@context\":\"https:\/\/schema.org\",\"@graph\":[{\"@type\":\"WebPage\",\"@id\":\"https:\/\/anteja-ecg.com\/de\/ressourcen\/\",\"url\":\"https:\/\/anteja-ecg.com\/de\/ressourcen\/\",\"name\":\"Ressourcen | Anteja\",\"isPartOf\":{\"@id\":\"https:\/\/anteja-ecg.com\/de\/#website\"},\"primaryImageOfPage\":{\"@id\":\"https:\/\/anteja-ecg.com\/de\/ressourcen\/#primaryimage\"},\"image\":{\"@id\":\"https:\/\/anteja-ecg.com\/de\/ressourcen\/#primaryimage\"},\"thumbnailUrl\":\"https:\/\/anteja-ecg.com\/wp-content\/uploads\/2021\/11\/Screenshot-2021-11-04-at-16.00.00-1-1024x725.png\",\"datePublished\":\"2022-06-16T16:27:06+00:00\",\"dateModified\":\"2022-06-28T20:31:01+00:00\",\"breadcrumb\":{\"@id\":\"https:\/\/anteja-ecg.com\/de\/ressourcen\/#breadcrumb\"},\"inLanguage\":\"de\",\"potentialAction\":[{\"@type\":\"ReadAction\",\"target\":[\"https:\/\/anteja-ecg.com\/de\/ressourcen\/\"]}]},{\"@type\":\"ImageObject\",\"inLanguage\":\"de\",\"@id\":\"https:\/\/anteja-ecg.com\/de\/ressourcen\/#primaryimage\",\"url\":\"https:\/\/anteja-ecg.com\/wp-content\/uploads\/2021\/11\/Screenshot-2021-11-04-at-16.00.00-1-1024x725.png\",\"contentUrl\":\"https:\/\/anteja-ecg.com\/wp-content\/uploads\/2021\/11\/Screenshot-2021-11-04-at-16.00.00-1-1024x725.png\"},{\"@type\":\"BreadcrumbList\",\"@id\":\"https:\/\/anteja-ecg.com\/de\/ressourcen\/#breadcrumb\",\"itemListElement\":[{\"@type\":\"ListItem\",\"position\":1,\"name\":\"Home\",\"item\":\"https:\/\/anteja-ecg.com\/de\/\"},{\"@type\":\"ListItem\",\"position\":2,\"name\":\"Ressourcen\"}]},{\"@type\":\"WebSite\",\"@id\":\"https:\/\/anteja-ecg.com\/de\/#website\",\"url\":\"https:\/\/anteja-ecg.com\/de\/\",\"name\":\"Anteja\",\"description\":\"\",\"publisher\":{\"@id\":\"https:\/\/anteja-ecg.com\/de\/#organization\"},\"potentialAction\":[{\"@type\":\"SearchAction\",\"target\":{\"@type\":\"EntryPoint\",\"urlTemplate\":\"https:\/\/anteja-ecg.com\/de\/?s={search_term_string}\"},\"query-input\":{\"@type\":\"PropertyValueSpecification\",\"valueRequired\":true,\"valueName\":\"search_term_string\"}}],\"inLanguage\":\"de\"},{\"@type\":\"Organization\",\"@id\":\"https:\/\/anteja-ecg.com\/de\/#organization\",\"name\":\"Anteja\",\"url\":\"https:\/\/anteja-ecg.com\/de\/\",\"logo\":{\"@type\":\"ImageObject\",\"inLanguage\":\"de\",\"@id\":\"https:\/\/anteja-ecg.com\/de\/#\/schema\/logo\/image\/\",\"url\":\"https:\/\/anteja-ecg.com\/wp-content\/uploads\/2022\/06\/anteja-logo-outlines.svg\",\"contentUrl\":\"https:\/\/anteja-ecg.com\/wp-content\/uploads\/2022\/06\/anteja-logo-outlines.svg\",\"width\":290,\"height\":106,\"caption\":\"Anteja\"},\"image\":{\"@id\":\"https:\/\/anteja-ecg.com\/de\/#\/schema\/logo\/image\/\"},\"sameAs\":[\"https:\/\/x.com\/antejaecg\",\"https:\/\/www.linkedin.com\/company\/anteja-ecg\"]}]}<\/script>\n<!-- \/ Yoast SEO plugin. -->","yoast_head_json":{"title":"Ressourcen | Anteja","robots":{"index":"index","follow":"follow","max-snippet":"max-snippet:-1","max-image-preview":"max-image-preview:large","max-video-preview":"max-video-preview:-1"},"canonical":"https:\/\/anteja-ecg.com\/de\/ressourcen\/","og_locale":"de_DE","og_type":"article","og_title":"Ressourcen | Anteja","og_description":"AllBlogPublications Value Chain Resilience during the COVID-19 Pandemic: Lessons Learned in the Food and Natural Cosmetics Sectors, October 2021 28\/06\/2022 | Publications More AlpLinkBioEco &#8211; Joint Masterplan on circular bioeconomy, March 2021 28\/06\/2022 | Publications More AlpLinkBioEco &#8211; Creating biobased value in the Alpine Space, March 2021 28\/06\/2022 | Publications More Forest residues as bioresources [&hellip;]","og_url":"https:\/\/anteja-ecg.com\/de\/ressourcen\/","og_site_name":"Anteja","article_modified_time":"2022-06-28T20:31:01+00:00","og_image":[{"url":"https:\/\/anteja-ecg.com\/wp-content\/uploads\/2021\/11\/Screenshot-2021-11-04-at-16.00.00-1-1024x725.png","type":"","width":"","height":""}],"twitter_card":"summary_large_image","twitter_site":"@antejaecg","twitter_misc":{"Gesch\u00e4tzte Lesezeit":"1\u00a0Minute"},"schema":{"@context":"https:\/\/schema.org","@graph":[{"@type":"WebPage","@id":"https:\/\/anteja-ecg.com\/de\/ressourcen\/","url":"https:\/\/anteja-ecg.com\/de\/ressourcen\/","name":"Ressourcen | Anteja","isPartOf":{"@id":"https:\/\/anteja-ecg.com\/de\/#website"},"primaryImageOfPage":{"@id":"https:\/\/anteja-ecg.com\/de\/ressourcen\/#primaryimage"},"image":{"@id":"https:\/\/anteja-ecg.com\/de\/ressourcen\/#primaryimage"},"thumbnailUrl":"https:\/\/anteja-ecg.com\/wp-content\/uploads\/2021\/11\/Screenshot-2021-11-04-at-16.00.00-1-1024x725.png","datePublished":"2022-06-16T16:27:06+00:00","dateModified":"2022-06-28T20:31:01+00:00","breadcrumb":{"@id":"https:\/\/anteja-ecg.com\/de\/ressourcen\/#breadcrumb"},"inLanguage":"de","potentialAction":[{"@type":"ReadAction","target":["https:\/\/anteja-ecg.com\/de\/ressourcen\/"]}]},{"@type":"ImageObject","inLanguage":"de","@id":"https:\/\/anteja-ecg.com\/de\/ressourcen\/#primaryimage","url":"https:\/\/anteja-ecg.com\/wp-content\/uploads\/2021\/11\/Screenshot-2021-11-04-at-16.00.00-1-1024x725.png","contentUrl":"https:\/\/anteja-ecg.com\/wp-content\/uploads\/2021\/11\/Screenshot-2021-11-04-at-16.00.00-1-1024x725.png"},{"@type":"BreadcrumbList","@id":"https:\/\/anteja-ecg.com\/de\/ressourcen\/#breadcrumb","itemListElement":[{"@type":"ListItem","position":1,"name":"Home","item":"https:\/\/anteja-ecg.com\/de\/"},{"@type":"ListItem","position":2,"name":"Ressourcen"}]},{"@type":"WebSite","@id":"https:\/\/anteja-ecg.com\/de\/#website","url":"https:\/\/anteja-ecg.com\/de\/","name":"Anteja","description":"","publisher":{"@id":"https:\/\/anteja-ecg.com\/de\/#organization"},"potentialAction":[{"@type":"SearchAction","target":{"@type":"EntryPoint","urlTemplate":"https:\/\/anteja-ecg.com\/de\/?s={search_term_string}"},"query-input":{"@type":"PropertyValueSpecification","valueRequired":true,"valueName":"search_term_string"}}],"inLanguage":"de"},{"@type":"Organization","@id":"https:\/\/anteja-ecg.com\/de\/#organization","name":"Anteja","url":"https:\/\/anteja-ecg.com\/de\/","logo":{"@type":"ImageObject","inLanguage":"de","@id":"https:\/\/anteja-ecg.com\/de\/#\/schema\/logo\/image\/","url":"https:\/\/anteja-ecg.com\/wp-content\/uploads\/2022\/06\/anteja-logo-outlines.svg","contentUrl":"https:\/\/anteja-ecg.com\/wp-content\/uploads\/2022\/06\/anteja-logo-outlines.svg","width":290,"height":106,"caption":"Anteja"},"image":{"@id":"https:\/\/anteja-ecg.com\/de\/#\/schema\/logo\/image\/"},"sameAs":["https:\/\/x.com\/antejaecg","https:\/\/www.linkedin.com\/company\/anteja-ecg"]}]}},"_links":{"self":[{"href":"https:\/\/anteja-ecg.com\/de\/wp-json\/wp\/v2\/pages\/3821","targetHints":{"allow":["GET"]}}],"collection":[{"href":"https:\/\/anteja-ecg.com\/de\/wp-json\/wp\/v2\/pages"}],"about":[{"href":"https:\/\/anteja-ecg.com\/de\/wp-json\/wp\/v2\/types\/page"}],"author":[{"embeddable":true,"href":"https:\/\/anteja-ecg.com\/de\/wp-json\/wp\/v2\/users\/1"}],"replies":[{"embeddable":true,"href":"https:\/\/anteja-ecg.com\/de\/wp-json\/wp\/v2\/comments?post=3821"}],"version-history":[{"count":5,"href":"https:\/\/anteja-ecg.com\/de\/wp-json\/wp\/v2\/pages\/3821\/revisions"}],"predecessor-version":[{"id":4532,"href":"https:\/\/anteja-ecg.com\/de\/wp-json\/wp\/v2\/pages\/3821\/revisions\/4532"}],"wp:attachment":[{"href":"https:\/\/anteja-ecg.com\/de\/wp-json\/wp\/v2\/media?parent=3821"}],"curies":[{"name":"wp","href":"https:\/\/api.w.org\/{rel}","templated":true}]}}